{"id":3788,"date":"2026-01-10T22:38:24","date_gmt":"2026-01-10T22:38:24","guid":{"rendered":"https:\/\/oma.skoletjenesten.no\/?page_id=3788"},"modified":"2026-01-10T22:38:25","modified_gmt":"2026-01-10T22:38:25","slug":"260110-1-ae-lyd-e-lyd","status":"publish","type":"page","link":"https:\/\/oma.skoletjenesten.no\/?page_id=3788","title":{"rendered":"260110-1: \u00e6-lyd\/e-lyd"},"content":{"rendered":"\n<p class=\"has-extra-small-font-size\">Den skattefinansierte NRK-korrespondenten Hilda Nyfl\u00f8t uttaler \u00abv\u00e6pnede\u00bb med tydelig e-lyd. Samtidig forteller hun at Venezuelas v\u00e6pnede styrker ikke er i stand til \u00e5 kjempe; slik forst\u00e5r i hvert fall bloggeren henne. Les mer\u2026<\/p>\n\n\n\n<figure class=\"wp-block-audio\"><audio controls src=\"https:\/\/oma.skoletjenesten.no\/wp-content\/uploads\/2026\/01\/20_Uttale-Vaapen-Vaepnet__260110_NRK-Urix_HildaNyfloet_.mp3\"><\/audio><figcaption class=\"wp-element-caption\"><em>Urix<\/em> 10. januar 2026.<\/figcaption><\/figure>\n\n\n\n<p>De fleste ordene som skrives med \u00e6, uttales med \u00e6-lyd p\u00e5 norsk (b\u00e6re, \u00e6rlig). Men noen slike ord har opphav i et ord med \u00e5, og da uttales ordet med e-lyd. Et godt eksempel st\u00e5r i siste vers av <a href=\"https:\/\/no.wikipedia.org\/wiki\/Gud_signe_v\u00e5rt_dyre_fedreland\" data-type=\"link\" data-id=\"https:\/\/no.wikipedia.org\/wiki\/Gud_signe_v\u00e5rt_dyre_fedreland\">fedrelandssalmen<\/a> (Gud signe v\u00e5rt dyre fedreland), der man finner b\u00e5de \u00e6-ordet og \u00e5-ordet:<br>Om <em><span style=\"text-decoration: underline;\">s\u00e6det<\/span><\/em> enn gror p\u00e5 ymist lag\u2026<br>\u2026<br>So signe d\u00e5 Gud det gode <em><span style=\"text-decoration: underline;\">s\u00e5d<\/span><\/em>\u2026<\/p>\n\n\n\n<p>N\u00e5r det gjelder p\u00e5standen om de venezuelanske v\u00e6pnede styrkenes manglende kampevne, skyldes nok uklarheten bruken av pronomenet <em>de<\/em>. For hva viser det tilbake til her? N\u00e6rmeste uttrykk er \u00abde v\u00e6pnede styrkene\u00bb, og med trykk p\u00e5 <em>de<\/em> er det lett \u00e5 tolke det slik bloggeren har gjort.<\/p>\n","protected":false},"excerpt":{"rendered":"<p>Den skattefinansierte NRK-korrespondenten Hilda Nyfl\u00f8t uttaler \u00abv\u00e6pnede\u00bb med tydelig e-lyd. Samtidig forteller hun at Venezuelas v\u00e6pnede styrker ikke er i stand til \u00e5 kjempe; slik forst\u00e5r i hvert fall bloggeren henne. Les mer\u2026 De fleste ordene som skrives med \u00e6, uttales med \u00e6-lyd p\u00e5 norsk (b\u00e6re, \u00e6rlig). Men noen slike ord har opphav i et&hellip; <a class=\"more-link\" href=\"https:\/\/oma.skoletjenesten.no\/?page_id=3788\">Fortsett \u00e5 lese <span class=\"screen-reader-text\">260110-1: \u00e6-lyd\/e-lyd<\/span><\/a><\/p>\n","protected":false},"author":1,"featured_media":0,"parent":0,"menu_order":0,"comment_status":"closed","ping_status":"closed","template":"","meta":{"footnotes":""},"class_list":["post-3788","page","type-page","status-publish","hentry","entry"],"_links":{"self":[{"href":"https:\/\/oma.skoletjenesten.no\/index.php?rest_route=\/wp\/v2\/pages\/3788","targetHints":{"allow":["GET"]}}],"collection":[{"href":"https:\/\/oma.skoletjenesten.no\/index.php?rest_route=\/wp\/v2\/pages"}],"about":[{"href":"https:\/\/oma.skoletjenesten.no\/index.php?rest_route=\/wp\/v2\/types\/page"}],"author":[{"embeddable":true,"href":"https:\/\/oma.skoletjenesten.no\/index.php?rest_route=\/wp\/v2\/users\/1"}],"replies":[{"embeddable":true,"href":"https:\/\/oma.skoletjenesten.no\/index.php?rest_route=%2Fwp%2Fv2%2Fcomments&post=3788"}],"version-history":[{"count":3,"href":"https:\/\/oma.skoletjenesten.no\/index.php?rest_route=\/wp\/v2\/pages\/3788\/revisions"}],"predecessor-version":[{"id":3793,"href":"https:\/\/oma.skoletjenesten.no\/index.php?rest_route=\/wp\/v2\/pages\/3788\/revisions\/3793"}],"wp:attachment":[{"href":"https:\/\/oma.skoletjenesten.no\/index.php?rest_route=%2Fwp%2Fv2%2Fmedia&parent=3788"}],"curies":[{"name":"wp","href":"https:\/\/api.w.org\/{rel}","templated":true}]}}