{"id":2911,"date":"2025-09-17T14:55:56","date_gmt":"2025-09-17T14:55:56","guid":{"rendered":"https:\/\/oma.skoletjenesten.no\/?page_id=2911"},"modified":"2025-09-17T21:50:56","modified_gmt":"2025-09-17T21:50:56","slug":"einar-gerhardsen-i-snl","status":"publish","type":"page","link":"https:\/\/oma.skoletjenesten.no\/?page_id=2911","title":{"rendered":"Einar Gerhardsen i SnL"},"content":{"rendered":"\n<p>I Store norske leksikon har <a href=\"https:\/\/brukere.snl.no\/771\" data-type=\"link\" data-id=\"https:\/\/brukere.snl.no\/771\" target=\"_blank\" rel=\"noreferrer noopener\">Harald Kj\u00f8l\u00e5s<\/a> skrive artikkelen om Einar Gerhardsen. Overskriftene i artikkelen st\u00e5r som lenker nedanfor.<\/p>\n\n\n\n<p class=\"has-small-font-size\"><a href=\"https:\/\/snl.no\/Einar_Gerhardsen#-Tidlege_%C3%A5r\" data-type=\"link\" data-id=\"https:\/\/snl.no\/Einar_Gerhardsen#-Tidlege_%C3%A5r\" target=\"_blank\" rel=\"noreferrer noopener\"><span style=\"text-decoration: underline;\"><em>Tidlege \u00e5r<\/em><\/span><\/a><\/p>\n\n\n\n<p class=\"has-small-font-size\"><a href=\"https:\/\/snl.no\/Einar_Gerhardsen#-Politiske_verv_og_stillingar\" data-type=\"link\" data-id=\"https:\/\/snl.no\/Einar_Gerhardsen#-Politiske_verv_og_stillingar\" target=\"_blank\" rel=\"noreferrer noopener\"><span style=\"text-decoration: underline;\"><em>Politiske verv og stillingar<\/em><\/span><\/a><\/p>\n\n\n\n<p class=\"has-small-font-size\"><a href=\"https:\/\/snl.no\/Einar_Gerhardsen#-Andre_verdskrigen\" data-type=\"link\" data-id=\"https:\/\/snl.no\/Einar_Gerhardsen#-Andre_verdskrigen\"><span style=\"text-decoration: underline;\"><em>Andre verdskrigen<\/em><\/span><\/a><\/p>\n\n\n\n<p class=\"has-small-font-size\"><a href=\"https:\/\/snl.no\/Einar_Gerhardsen#-Gerhardsen_si_f%C3%B8rste_regjering_(1945)\" data-type=\"link\" data-id=\"https:\/\/snl.no\/Einar_Gerhardsen#-Gerhardsen_si_f%C3%B8rste_regjering_(1945)\" target=\"_blank\" rel=\"noreferrer noopener\"><em><span style=\"text-decoration: underline;\">Gerhardsen si f\u00f8rste regjering (1945)<\/span><\/em><\/a><br>\u00c5 byggje eit statsapparat<\/p>\n\n\n\n<p class=\"has-small-font-size\"><a href=\"https:\/\/snl.no\/Einar_Gerhardsen#-Gerhardsen_si_andre_regjering_(1945%E2%80%931951)\" data-type=\"link\" data-id=\"https:\/\/snl.no\/Einar_Gerhardsen#-Gerhardsen_si_andre_regjering_(1945%E2%80%931951)\" target=\"_blank\" rel=\"noreferrer noopener\"><span style=\"text-decoration: underline;\"><em>Gerhardsen si andre regjering (1945\u20131951)<\/em><\/span><\/a><br>Gjenreisinga og landssvikoppgjeret<br> NATO-striden<br> Overvaking<\/p>\n\n\n\n<p class=\"has-small-font-size\"><a href=\"https:\/\/snl.no\/Einar_Gerhardsen#-Torp_tek_over_(1951%E2%80%931955)\" data-type=\"link\" data-id=\"https:\/\/snl.no\/Einar_Gerhardsen#-Torp_tek_over_(1951%E2%80%931955)\" target=\"_blank\" rel=\"noreferrer noopener\"><span style=\"text-decoration: underline;\"><em>Torp tek over (1951\u20131955)<\/em><\/span><\/a><\/p>\n\n\n\n<p class=\"has-small-font-size\"><a href=\"https:\/\/snl.no\/Einar_Gerhardsen#-Gerharsen_si_tredje_regjering_(1955%E2%80%931963)\" data-type=\"link\" data-id=\"https:\/\/snl.no\/Einar_Gerhardsen#-Gerharsen_si_tredje_regjering_(1955%E2%80%931963)\" target=\"_blank\" rel=\"noreferrer noopener\"><span style=\"text-decoration: underline;\"><em>Gerhardsen si tredje regjering (1955\u20131963)<\/em><\/span><\/a><br>Arbeidarpartiet mistar stortingsfleirtalet<br>Kings Bay-saka<\/p>\n\n\n\n<p class=\"has-small-font-size\"><a href=\"https:\/\/snl.no\/Einar_Gerhardsen#-Gerhardsen_si_fjerde_regjering_(1963%E2%80%931965)\" data-type=\"link\" data-id=\"https:\/\/snl.no\/Einar_Gerhardsen#-Gerhardsen_si_fjerde_regjering_(1963%E2%80%931965)\" target=\"_blank\" rel=\"noreferrer noopener\"><span style=\"text-decoration: underline;\"><em>Gerhardsen si fjerde regjering (1963\u20131965)<\/em><\/span><\/a><\/p>\n\n\n\n<p class=\"has-small-font-size\"><a href=\"https:\/\/snl.no\/Einar_Gerhardsen#-Landsfaderen\" data-type=\"link\" data-id=\"https:\/\/snl.no\/Einar_Gerhardsen#-Landsfaderen\" target=\"_blank\" rel=\"noreferrer noopener\"><span style=\"text-decoration: underline;\"><em>Landsfaderen<\/em><\/span><\/a><\/p>\n\n\n\n<p class=\"has-small-font-size\"><a href=\"https:\/\/snl.no\/Einar_Gerhardsen#-Gerhardsen_som_politikar\" data-type=\"link\" data-id=\"https:\/\/snl.no\/Einar_Gerhardsen#-Gerhardsen_som_politikar\" target=\"_blank\" rel=\"noreferrer noopener\"><span style=\"text-decoration: underline;\"><em>Gerhardsen som politikar<\/em><\/span><\/a><\/p>\n\n\n\n<p class=\"has-small-font-size\"><a href=\"https:\/\/snl.no\/Einar_Gerhardsen#-Gerhardsen_som_person\" data-type=\"link\" data-id=\"https:\/\/snl.no\/Einar_Gerhardsen#-Gerhardsen_som_person\" target=\"_blank\" rel=\"noreferrer noopener\"><span style=\"text-decoration: underline;\"><em>Gerhardsen som person<\/em><\/span><\/a><\/p>\n\n\n\n<p class=\"has-small-font-size\"><a href=\"https:\/\/snl.no\/Einar_Gerhardsen#-Utgivingar\" data-type=\"link\" data-id=\"https:\/\/snl.no\/Einar_Gerhardsen#-Utgivingar\" target=\"_blank\" rel=\"noreferrer noopener\"><span style=\"text-decoration: underline;\"><em>Utgivingar<\/em><\/span><\/a><\/p>\n","protected":false},"excerpt":{"rendered":"<p>I Store norske leksikon har Harald Kj\u00f8l\u00e5s skrive artikkelen om Einar Gerhardsen. Overskriftene i artikkelen st\u00e5r som lenker nedanfor. Tidlege \u00e5r Politiske verv og stillingar Andre verdskrigen Gerhardsen si f\u00f8rste regjering (1945)\u00c5 byggje eit statsapparat Gerhardsen si andre regjering (1945\u20131951)Gjenreisinga og landssvikoppgjeret NATO-striden Overvaking Torp tek over (1951\u20131955) Gerhardsen si tredje regjering (1955\u20131963)Arbeidarpartiet mistar stortingsfleirtaletKings&hellip; <a class=\"more-link\" href=\"https:\/\/oma.skoletjenesten.no\/?page_id=2911\">Fortsett \u00e5 lese <span class=\"screen-reader-text\">Einar Gerhardsen i SnL<\/span><\/a><\/p>\n","protected":false},"author":1,"featured_media":0,"parent":0,"menu_order":0,"comment_status":"closed","ping_status":"closed","template":"","meta":{"footnotes":""},"class_list":["post-2911","page","type-page","status-publish","hentry","entry"],"_links":{"self":[{"href":"https:\/\/oma.skoletjenesten.no\/index.php?rest_route=\/wp\/v2\/pages\/2911","targetHints":{"allow":["GET"]}}],"collection":[{"href":"https:\/\/oma.skoletjenesten.no\/index.php?rest_route=\/wp\/v2\/pages"}],"about":[{"href":"https:\/\/oma.skoletjenesten.no\/index.php?rest_route=\/wp\/v2\/types\/page"}],"author":[{"embeddable":true,"href":"https:\/\/oma.skoletjenesten.no\/index.php?rest_route=\/wp\/v2\/users\/1"}],"replies":[{"embeddable":true,"href":"https:\/\/oma.skoletjenesten.no\/index.php?rest_route=%2Fwp%2Fv2%2Fcomments&post=2911"}],"version-history":[{"count":3,"href":"https:\/\/oma.skoletjenesten.no\/index.php?rest_route=\/wp\/v2\/pages\/2911\/revisions"}],"predecessor-version":[{"id":2928,"href":"https:\/\/oma.skoletjenesten.no\/index.php?rest_route=\/wp\/v2\/pages\/2911\/revisions\/2928"}],"wp:attachment":[{"href":"https:\/\/oma.skoletjenesten.no\/index.php?rest_route=%2Fwp%2Fv2%2Fmedia&parent=2911"}],"curies":[{"name":"wp","href":"https:\/\/api.w.org\/{rel}","templated":true}]}}